{"id":478,"date":"2025-08-29T15:32:58","date_gmt":"2025-08-29T13:32:58","guid":{"rendered":"https:\/\/planoguera.cat\/la-dalia-casa-rural-planoguera\/"},"modified":"2025-10-25T17:56:42","modified_gmt":"2025-10-25T15:56:42","slug":"la-dalia-casa-rural-planoguera","status":"publish","type":"page","link":"https:\/\/planoguera.cat\/es\/","title":{"rendered":"La D\u00e0lia Casa de Turismo Rural Planoguera"},"content":{"rendered":"<ul>\n<li>\n<p>        <img decoding=\"async\" src=\"\/wp-content\/uploads\/GIL27037.jpg\" alt=\"\"><\/p>\n<h2>La Casa Rural<\/h2>\n<p>Mas\u00eda Planoguera<\/p>\n<p><a href=\"https:\/\/planoguera.cat\/es\/la-casa-rural\/#reserva\">Ver la disponibilidad<\/a><\/p>\n<\/li>\n<li>\n<p>        <img decoding=\"async\" src=\"\/wp-content\/uploads\/GIL27345.jpg\" alt=\"\"><\/p>\n<h2>La Zona de p\u00edcnic y celebraciones<\/h2>\n<p>Mas\u00eda Planoguera<\/p>\n<p><a href=\"https:\/\/planoguera.cat\/es\/el-espacio-para-celebraciones\/#reserva\">Ver la disponibilidad<\/a><\/p>\n<\/li>\n<li>\n<p>        <img decoding=\"async\" src=\"\/wp-content\/uploads\/GIL27664.jpg\" alt=\"\"><\/p>\n<h2>En im\u00e1genes<\/h2>\n<p>Mas\u00eda Planoguera<\/p>\n<p><a href=\"https:\/\/planoguera.cat\/es\/en-imagenes\/\">Ver las galer\u00edas de fotos<\/a><\/p>\n<\/li>\n<\/ul>\n<h1>Bienvenidos a Planoguera, La Casa de Turismo Rural en el coraz\u00f3n de Catalu\u00f1a<\/h1>\n<div>\u00a1Podr\u00e1s disfrutar de paisajes, naturaleza y aire fresco en Planoguera! Nuestra casa rural ofrece todas las comodidades de unas instalaciones renovadas en un entorno fant\u00e1stico, en un paraje ideal para venir y disfrutar del aire libre.<\/div>\n<div>Tenemos 2 espacios independientes que podemos ofrecerle:<\/div>\n<ul>\n<li>\n<p>        <img decoding=\"async\" src=\"\/wp-content\/uploads\/GIL27032.jpg\" alt=\"\"><\/p>\n<h3>La Casa Rural<\/h3>\n<p><small>Para 15-24 personas<\/small><\/p>\n<div>La Casa de Turismo Rural cuenta con 10 habitaciones y 6 ba\u00f1os, cocina totalmente equipada, piscina, merendero, barbacoa, mini zool\u00f3gico. Todo lo que necesitas y m\u00e1s.<\/div>\n<p><a href=\"https:\/\/planoguera.cat\/es\/la-casa-rural\/\"><\/a><\/p>\n<\/li>\n<li>\n<p>        <img decoding=\"async\" src=\"\/wp-content\/uploads\/GIL27370.jpg\" alt=\"\"><\/p>\n<h3>Zona de P\u00edcnic<\/h3>\n<p><small>Para cualquier tipo de celebraci\u00f3n<\/small><\/p>\n<div>Tambi\u00e9n ofrecemos la posibilidad de celebraciones de solteros, convenciones de empresa, banquetes de boda, comuniones, bautizos\u2026<\/div>\n<p><a href=\"https:\/\/planoguera.cat\/es\/el-espacio-para-celebraciones\/\"><\/a><\/p>\n<\/li>\n<\/ul>\n<p><img decoding=\"async\" src=\"\/wp-content\/uploads\/GIL27313-1.jpg\" alt=\"\"><br \/>\n<img decoding=\"async\" src=\"\/wp-content\/uploads\/GIL27037.jpg\" alt=\"\"><\/p>\n<h2>Equipamiento<\/h2>\n<div>\n<p><span>Disponemos de una piscina de 50 m<sup>2<\/sup> con zona ajardinada equipada con hamacas para tomar el sol. Pista deportiva para practicar baloncesto, f\u00fatbol y tenis. Tambi\u00e9n disponemos de una mesa de ping pong y bicicletas para realizar excursiones.<\/span><\/p>\n<\/div>\n<p><img decoding=\"async\" src=\"\/wp-content\/uploads\/GIL27552-1.jpg\" alt=\"\"><\/p>\n<h2>El Mini Zoo<\/h2>\n<div>Tenemos un sitio habilitado con animales de bosque y dom\u00e9sticos: m\u00e1s de 30 especies diferentes de aves aut\u00f3ctonas y patos. Contamos con un pony y un caballo (no aptos para montar).<\/div>\n<p><img decoding=\"async\" src=\"\/wp-content\/uploads\/GIL27072-1.jpg\" alt=\"\"><\/p>\n<h2>Entorno<\/h2>\n<div>La Torre de Orist\u00e0 es un n\u00facleo de poblaci\u00f3n rural situado en un punto central del municipio de Orist\u00e0, al norte del n\u00facleo urbano de Orist\u00e0 y al este del n\u00facleo urbano de Sant Feliu Sasserra, en una cresta delimitada por el valle del r\u00edo Bass\u00ed, al oeste y el valle de la riera Gavarresa, al este.<\/div>\n<div>Si necesita m\u00e1s informaci\u00f3n, no dude en ponerse en contacto con nosotros en el correo <a href=\"mailto:info@planoguera.cat\">info@planoguera.cat<\/a>.<\/div>\n<p><!--more--><br \/>\n<!-- {\"type\":\"layout\",\"children\":[{\"name\":\"Hero\",\"type\":\"section\",\"props\":{\"animation_delay\":false,\"divider_2_color_inherit_section\":true,\"divider_2_flip\":true,\"divider_2_height\":\"120\",\"divider_2_invert\":true,\"divider_2_layers_gap\":\"5\",\"divider_2_layers_opacity\":\"0.5\",\"divider_2_responsive\":true,\"divider_2_shadow_blur_radius\":\"5\",\"divider_2_shadow_color\":\"#00000080\",\"divider_2_shadow_offset_x\":\"0\",\"divider_2_shadow_offset_y\":\"5\",\"divider_2_width\":\"100\",\"divider_color\":\"rgba(0, 0, 0, 0.4)\",\"divider_color_inherit_section\":true,\"divider_flip\":false,\"divider_height\":\"120\",\"divider_invert\":false,\"divider_layers_gap\":\"5\",\"divider_layers_opacity\":\"0.5\",\"divider_position\":\"top-and-bottom\",\"divider_responsive\":true,\"divider_shadow_blur_radius\":\"5\",\"divider_shadow_color\":\"rgba(251, 249, 249, 0.94)\",\"divider_shadow_offset_x\":\"0\",\"divider_shadow_offset_y\":\"5\",\"divider_shape\":\"blob-2\",\"divider_width\":\"100\",\"height\":\"viewport\",\"height_offset_top\":false,\"height_viewport\":70,\"image_position\":\"center-center\",\"padding\":\"none\",\"padding_custom_bottom\":\"70\",\"padding_custom_top\":\"70\",\"padding_remove_bottom\":true,\"style\":\"default\",\"style_custom_color\":\"#ccc\",\"title_breakpoint\":\"xl\",\"title_position\":\"top-left\",\"title_rotation\":\"left\",\"vertical_align\":\"\",\"width\":\"\"},\"children\":[{\"type\":\"row\",\"children\":[{\"type\":\"column\",\"props\":{\"image_position\":\"center-center\",\"position_sticky_breakpoint\":\"m\",\"width_medium\":\"1-1\"},\"children\":[{\"type\":\"slideshow\",\"props\":{\"animation\":\"fade\",\"css\":\".el-title, .el-meta {\\ntext-shadow: 1px 1px 1px #1d4e3f ;\\n}\",\"height_expand\":true,\"height_viewport\":\"viewport\",\"height_viewport_height\":70,\"height_viewport_offset\":false,\"image_loading\":true,\"image_width\":\"2560\",\"link_parallax_opacity\":\"0,1,1\",\"link_parallax_y\":\"50,0,0\",\"link_style\":\"primary\",\"link_text\":\"View House\",\"margin\":\"default\",\"margin_bottom\":\"default\",\"margin_top\":\"default\",\"meta_align\":\"above-title\",\"meta_element\":\"div\",\"meta_parallax_opacity\":\"0,1,1\",\"meta_parallax_y\":\"-50,0,0\",\"meta_style\":\"h6\",\"nav\":\"dotnav\",\"nav_align\":\"center\",\"nav_breakpoint\":\"\",\"nav_position\":\"bottom-right\",\"nav_position_margin\":\"medium\",\"overlay_animation\":\"parallax\",\"overlay_container\":\"small\",\"overlay_position\":\"center\",\"overlay_width\":\"xlarge\",\"show_content\":true,\"show_link\":true,\"show_meta\":true,\"show_thumbnail\":true,\"show_title\":true,\"slidenav\":\"default\",\"slidenav_breakpoint\":\"m\",\"slidenav_hover\":true,\"slidenav_margin\":\"medium\",\"slidenav_outside_breakpoint\":\"xl\",\"slideshow_animation\":\"push\",\"slideshow_autoplay\":false,\"slideshow_autoplay_pause\":true,\"slideshow_height\":\"viewport\",\"slideshow_height_viewport\":75,\"slideshow_max_height\":\"840\",\"slideshow_min_height\":\"500\",\"slideshow_ratio\":\"16:7\",\"slideshow_velocity\":0.6,\"text_align\":\"center\",\"text_align_fallback\":\"center\",\"text_color\":\"light\",\"thumbnav_height\":\"75\",\"thumbnav_svg_color\":\"emphasis\",\"thumbnav_width\":\"100\",\"title_element\":\"h2\",\"title_hover_style\":\"reset\",\"title_parallax_opacity\":\"0,1,1\",\"title_parallax_x\":\"-200,0,200\",\"title_style\":\"heading-small\"},\"children\":[{\"type\":\"slideshow_item\",\"props\":{\"image\":\"wp-content\\\/uploads\\\/GIL27037.jpg\",\"image_focal_point\":\"bottom-center\",\"item_element\":\"article\",\"link\":\"es\\\/la-casa-rural\\\/#reserva\",\"link_text\":\"Ver la disponibilidad\",\"meta\":\"Mas\\u00eda Planoguera\",\"title\":\"La Casa Rural\"}},{\"type\":\"slideshow_item\",\"props\":{\"image\":\"wp-content\\\/uploads\\\/GIL27345.jpg\",\"item_element\":\"article\",\"link\":\"es\\\/el-espacio-para-celebraciones\\\/#reserva\",\"link_text\":\"Ver la disponibilidad\",\"meta\":\"Mas\\u00eda Planoguera\",\"title\":\"La Zona de p\\u00edcnic y celebraciones\"}},{\"type\":\"slideshow_item\",\"props\":{\"image\":\"wp-content\\\/uploads\\\/GIL27664.jpg\",\"item_element\":\"article\",\"link\":\"es\\\/en-imagenes\\\/\",\"link_text\":\"Ver las galer\\u00edas de fotos\",\"meta\":\"Mas\\u00eda Planoguera\",\"title\":\"En im\\u00e1genes\"}}]}]}]}]},{\"type\":\"section\",\"props\":{\"animation\":\"fade\",\"divider_height\":\"120\",\"divider_layers_gap\":\"5\",\"divider_layers_opacity\":\"0.5\",\"divider_position\":\"top\",\"divider_responsive\":true,\"divider_shadow_blur_radius\":\"5\",\"divider_shadow_color\":\"#00000080\",\"divider_shadow_offset_x\":\"0\",\"divider_shadow_offset_y\":\"5\",\"divider_width\":\"100\",\"image_effect\":\"parallax\",\"image_parallax_bgy\":\"-50,50\",\"image_parallax_easing\":\"1\",\"image_position\":\"center-center\",\"padding_custom_bottom\":\"70\",\"padding_custom_top\":\"70\",\"padding_remove_bottom\":false,\"padding_remove_top\":true,\"style\":\"default\",\"style_custom_color\":\"#ccc\",\"title_breakpoint\":\"xl\",\"title_position\":\"top-left\",\"title_rotation\":\"left\",\"vertical_align\":\"\",\"width\":\"large\",\"width_expand\":\"right\"},\"children\":[{\"type\":\"row\",\"children\":[{\"type\":\"column\",\"props\":{\"image_position\":\"center-center\",\"position_sticky_breakpoint\":\"m\"}}]},{\"type\":\"row\",\"props\":{\"layout\":\"2-3,1-3\",\"margin_remove_bottom\":false},\"children\":[{\"type\":\"column\",\"props\":{\"image_position\":\"center-center\",\"position_sticky_breakpoint\":\"m\",\"width_medium\":\"1-2\"},\"children\":[{\"type\":\"headline\",\"props\":{\"animation\":\"slide-top-small\",\"content\":\"Bienvenidos a Planoguera, La Casa de Turismo Rural en el coraz\\u00f3n de Catalu\\u00f1a\",\"image_align\":\"left\",\"image_margin\":\"xsmall\",\"title_color\":\"primary\",\"title_element\":\"h1\",\"title_style\":\"h6\"}},{\"type\":\"headline\",\"props\":{\"animation\":\"slide-bottom-small\",\"content\":\"\\u00a1Podr\\u00e1s disfrutar de paisajes, naturaleza y aire fresco en Planoguera! Nuestra casa rural ofrece todas las comodidades de unas instalaciones renovadas en un entorno fant\\u00e1stico, en un paraje ideal para venir y disfrutar del aire libre.\",\"image_align\":\"left\",\"image_margin\":\"xsmall\",\"margin_bottom\":\"default\",\"margin_top\":\"default\",\"title_element\":\"div\",\"title_style\":\"h3\"}},{\"type\":\"text\",\"props\":{\"column_breakpoint\":\"m\",\"content\":\"Tenemos 2 espacios independientes que podemos ofrecerle:\",\"margin\":\"default\",\"text_style\":\"large\"}},{\"type\":\"grid\",\"props\":{\"content_column_breakpoint\":\"m\",\"content_margin\":\"small\",\"content_style\":\"text-small\",\"css\":\".el-content, .el-meta {font-size:0.8em}\",\"filter_align\":\"left\",\"filter_all\":true,\"filter_grid_breakpoint\":\"m\",\"filter_grid_width\":\"auto\",\"filter_position\":\"top\",\"filter_style\":\"tab\",\"grid_column_gap\":\"large\",\"grid_default\":\"1\",\"grid_medium\":\"\",\"grid_small\":\"2\",\"icon_width\":80,\"image_align\":\"top\",\"image_box_decoration\":\"mask\",\"image_box_shadow\":\"small\",\"image_grid_breakpoint\":\"m\",\"image_grid_width\":\"1-2\",\"image_hover_box_shadow\":\"medium\",\"image_link\":true,\"image_svg_color\":\"primary\",\"image_svg_inline\":true,\"image_transition\":\"scale-up\",\"item_animation\":true,\"lightbox_bg_close\":true,\"link_style\":\"text\",\"link_text\":\"\",\"margin\":\"default\",\"margin_bottom\":\"large\",\"margin_top\":\"large\",\"meta_align\":\"below-title\",\"meta_element\":\"div\",\"meta_margin\":\"remove\",\"meta_style\":\"text-small\",\"panel_expand\":\"content\",\"panel_image_no_padding\":true,\"panel_link\":true,\"parallax_easing\":\"1\",\"show_content\":true,\"show_hover_image\":false,\"show_hover_video\":false,\"show_image\":true,\"show_link\":true,\"show_meta\":true,\"show_title\":true,\"show_video\":false,\"text_align\":\"center\",\"title_align\":\"top\",\"title_element\":\"h3\",\"title_grid_breakpoint\":\"m\",\"title_grid_width\":\"1-2\",\"title_hover_style\":\"reset\",\"title_style\":\"h5\"},\"children\":[{\"type\":\"grid_item\",\"props\":{\"content\":\"La Casa de Turismo Rural cuenta con 10 habitaciones y 6 ba\\u00f1os, cocina totalmente equipada, piscina, merendero, barbacoa, mini zool\\u00f3gico. Todo lo que necesitas y m\\u00e1s.\",\"image\":\"wp-content\\\/uploads\\\/GIL27032.jpg\",\"link\":\"es\\\/la-casa-rural\\\/\",\"meta\":\"<small>Para 15-24 personas<\\\/small>\",\"title\":\"La Casa Rural\"}},{\"type\":\"grid_item\",\"props\":{\"content\":\"Tambi\\u00e9n ofrecemos la posibilidad de celebraciones de solteros, convenciones de empresa, banquetes de boda, comuniones, bautizos\\u2026\",\"image\":\"wp-content\\\/uploads\\\/GIL27370.jpg\",\"link\":\"es\\\/el-espacio-para-celebraciones\\\/\",\"meta\":\"<small>Para cualquier tipo de celebraci\\u00f3n<\\\/small>\",\"title\":\"Zona de P\\u00edcnic\"}}]}]},{\"type\":\"column\",\"props\":{\"class\":\"tm-logo-clippath-2\",\"image_position\":\"center-center\",\"position_sticky_breakpoint\":\"m\",\"width_medium\":\"expand\"},\"children\":[{\"type\":\"image\",\"props\":{\"animation\":\"slide-right-small\",\"image\":\"wp-content\\\/uploads\\\/GIL27313-1.jpg\",\"image_box_decoration\":\"mask\",\"image_height\":\"590\",\"image_svg_color\":\"emphasis\",\"image_svg_inline\":true,\"image_width\":\"590\",\"margin\":\"default\",\"margin_bottom\":\"default\",\"margin_top\":\"default\",\"parallax_y\":\"-50,50\",\"position\":\"absolute\",\"position_right\":\"-200\",\"text_align\":\"right\",\"visibility\":\"m\"}}]}]}],\"name\":\"About\"},{\"name\":\"Advice\",\"type\":\"section\",\"props\":{\"animation\":\"fade\",\"image_position\":\"center-center\",\"image_size\":\"cover\",\"overlap\":true,\"padding\":\"large\",\"style\":\"default\",\"title_breakpoint\":\"xl\",\"title_position\":\"top-left\",\"title_rotation\":\"left\",\"vertical_align\":\"\",\"width\":\"large\"},\"children\":[{\"type\":\"row\",\"props\":{\"layout\":\"1-2,1-2\"},\"children\":[{\"type\":\"column\",\"props\":{\"image_position\":\"center-center\",\"position_sticky_breakpoint\":\"m\",\"vertical_align\":\"middle\",\"width_medium\":\"1-2\"},\"children\":[{\"type\":\"image\",\"props\":{\"image\":\"wp-content\\\/uploads\\\/GIL27037.jpg\",\"image_box_decoration\":\"mask\",\"image_loading\":true,\"image_svg_color\":\"emphasis\",\"image_width\":\"920\",\"margin\":\"default\"}}]},{\"type\":\"column\",\"props\":{\"image_position\":\"center-center\",\"position_sticky_breakpoint\":\"m\",\"vertical_align\":\"middle\",\"width_medium\":\"1-2\"},\"children\":[{\"type\":\"headline\",\"props\":{\"content\":\"Equipamiento\",\"text_align\":\"left\",\"text_align_breakpoint\":\"s\",\"text_align_fallback\":\"center\",\"title_element\":\"h2\"}},{\"type\":\"text\",\"props\":{\"column_breakpoint\":\"m\",\"content\":\"\n\n<p><span>Disponemos de una piscina de 50 m<sup>2<\\\/sup> con zona ajardinada equipada con hamacas para tomar el sol. Pista deportiva para practicar baloncesto, f\\u00fatbol y tenis. Tambi\\u00e9n disponemos de una mesa de ping pong y bicicletas para realizar excursiones.<\\\/span><\\\/p>\",\"margin\":\"default\"}}]}]},{\"type\":\"row\",\"props\":{\"layout\":\"1-2,1-2\"},\"children\":[{\"type\":\"column\",\"props\":{\"image_position\":\"center-center\",\"position_sticky_breakpoint\":\"m\",\"vertical_align\":\"middle\",\"width_medium\":\"1-2\"},\"children\":[{\"type\":\"image\",\"props\":{\"image\":\"wp-content\\\/uploads\\\/GIL27552-1.jpg\",\"image_box_decoration\":\"mask\",\"image_svg_color\":\"emphasis\",\"image_width\":\"920\",\"margin\":\"default\"}}]},{\"type\":\"column\",\"props\":{\"image_position\":\"center-center\",\"order_first\":\"m\",\"position_sticky_breakpoint\":\"m\",\"vertical_align\":\"middle\",\"width_medium\":\"1-2\"},\"children\":[{\"type\":\"headline\",\"props\":{\"content\":\"El Mini Zoo\",\"text_align\":\"left\",\"text_align_breakpoint\":\"s\",\"text_align_fallback\":\"center\",\"title_element\":\"h2\"}},{\"type\":\"text\",\"props\":{\"column_breakpoint\":\"m\",\"content\":\"Tenemos un sitio habilitado con animales de bosque y dom\\u00e9sticos: m\\u00e1s de 30 especies diferentes de aves aut\\u00f3ctonas y patos. Contamos con un pony y un caballo (no aptos para montar).\",\"margin\":\"default\"}}]}]},{\"type\":\"row\",\"props\":{\"layout\":\"1-2,1-2\"},\"children\":[{\"type\":\"column\",\"props\":{\"image_position\":\"center-center\",\"position_sticky_breakpoint\":\"m\",\"vertical_align\":\"middle\",\"width_medium\":\"1-2\"},\"children\":[{\"type\":\"image\",\"props\":{\"image\":\"wp-content\\\/uploads\\\/GIL27072-1.jpg\",\"image_box_decoration\":\"mask\",\"image_svg_color\":\"emphasis\",\"image_width\":\"920\",\"margin\":\"default\"}}]},{\"type\":\"column\",\"props\":{\"image_position\":\"center-center\",\"position_sticky_breakpoint\":\"m\",\"vertical_align\":\"middle\",\"width_medium\":\"1-2\"},\"children\":[{\"type\":\"headline\",\"props\":{\"content\":\"Entorno\",\"text_align\":\"left\",\"text_align_breakpoint\":\"s\",\"text_align_fallback\":\"center\",\"title_element\":\"h2\"}},{\"type\":\"text\",\"props\":{\"column_breakpoint\":\"m\",\"content\":\"La Torre de Orist\\u00e0 es un n\\u00facleo de poblaci\\u00f3n rural situado en un punto central del municipio de Orist\\u00e0, al norte del n\\u00facleo urbano de Orist\\u00e0 y al este del n\\u00facleo urbano de Sant Feliu Sasserra, en una cresta delimitada por el valle del r\\u00edo Bass\\u00ed, al oeste y el valle de la riera Gavarresa, al este.\",\"margin\":\"default\"}}]}]},{\"type\":\"row\",\"props\":{\"layout\":\"1-2,1-2\",\"status\":\"disabled\"},\"children\":[{\"type\":\"column\",\"props\":{\"image_position\":\"center-center\",\"position_sticky_breakpoint\":\"m\",\"vertical_align\":\"middle\",\"width_medium\":\"1-2\"},\"children\":[{\"type\":\"image\",\"props\":{\"image\":\"wp-content\\\/uploads\\\/GIL27552-1.jpg\",\"image_box_decoration\":\"mask\",\"image_svg_color\":\"emphasis\",\"image_width\":\"920\",\"margin\":\"default\"}}]},{\"type\":\"column\",\"props\":{\"image_position\":\"center-center\",\"order_first\":\"m\",\"position_sticky_breakpoint\":\"m\",\"vertical_align\":\"middle\",\"width_medium\":\"1-2\"},\"children\":[{\"type\":\"headline\",\"props\":{\"content\":\"Travel Photography Advice\",\"text_align\":\"left\",\"text_align_breakpoint\":\"s\",\"text_align_fallback\":\"center\",\"title_element\":\"h2\"}},{\"type\":\"text\",\"props\":{\"column_breakpoint\":\"m\",\"content\":\"Et eu, porta imperdiet consequat, amet condimentum sed, nec phasellus interdum mattis cursus dui aliquet, maecenas ac vitae natoque pretium molestie. Donec aliquet nisl vestibulum at pariatur cras, vestibulum eget in diam risus dolor, lacinia volutpat. Donec lectus vel, arcu id ullamcorper in egestas. Mollis et eu non aliquet metus orci, at congue, eu turpis tellus.\",\"margin\":\"default\"}}]}]},{\"type\":\"row\",\"children\":[{\"type\":\"column\",\"props\":{\"image_position\":\"center-center\",\"position_sticky_breakpoint\":\"m\",\"width_medium\":\"1-1\"},\"children\":[{\"type\":\"divider\",\"props\":{\"block_align\":\"center\",\"divider_element\":\"div\",\"divider_style\":\"icon\",\"maxwidth\":\"large\"}},{\"type\":\"text\",\"props\":{\"block_align\":\"center\",\"column_breakpoint\":\"m\",\"content\":\"Si necesita m\\u00e1s informaci\\u00f3n, no dude en ponerse en contacto con nosotros en el correo <a href=\\\"mailto:info@planoguera.cat\\\">info@planoguera.cat<\\\/a>.\",\"margin\":\"medium\",\"maxwidth\":\"xlarge\",\"text_align\":\"center\",\"text_color\":\"muted\",\"text_style\":\"large\"}}]}]}]}],\"version\":\"4.5.31\",\"yooessentialsVersion\":\"2.4.7\"} --><\/p>\n","protected":false},"excerpt":{"rendered":"<p>La Casa Rural Mas\u00eda Planoguera Ver la disponibilidad La Zona de p\u00edcnic y celebraciones Mas\u00eda Planoguera Ver la disponibilidad En im\u00e1genes Mas\u00eda Planoguera Ver las galer\u00edas de fotos Bienvenidos a Planoguera, La Casa de Turismo Rural en el coraz\u00f3n de Catalu\u00f1a \u00a1Podr\u00e1s disfrutar de paisajes, naturaleza y aire fresco en Planoguera! Nuestra casa rural ofrece [&hellip;]<\/p>\n","protected":false},"author":1,"featured_media":0,"parent":0,"menu_order":0,"comment_status":"closed","ping_status":"closed","template":"","meta":{"footnotes":""},"class_list":["post-478","page","type-page","status-publish","hentry"],"_links":{"self":[{"href":"https:\/\/planoguera.cat\/es\/wp-json\/wp\/v2\/pages\/478","targetHints":{"allow":["GET"]}}],"collection":[{"href":"https:\/\/planoguera.cat\/es\/wp-json\/wp\/v2\/pages"}],"about":[{"href":"https:\/\/planoguera.cat\/es\/wp-json\/wp\/v2\/types\/page"}],"author":[{"embeddable":true,"href":"https:\/\/planoguera.cat\/es\/wp-json\/wp\/v2\/users\/1"}],"replies":[{"embeddable":true,"href":"https:\/\/planoguera.cat\/es\/wp-json\/wp\/v2\/comments?post=478"}],"version-history":[{"count":0,"href":"https:\/\/planoguera.cat\/es\/wp-json\/wp\/v2\/pages\/478\/revisions"}],"wp:attachment":[{"href":"https:\/\/planoguera.cat\/es\/wp-json\/wp\/v2\/media?parent=478"}],"curies":[{"name":"wp","href":"https:\/\/api.w.org\/{rel}","templated":true}]}}